{"id":12,"date":"2022-06-15T16:33:20","date_gmt":"2022-06-15T16:33:20","guid":{"rendered":"https:\/\/arquitecturadelavictima.com\/?page_id=12"},"modified":"2024-04-10T17:04:14","modified_gmt":"2024-04-10T17:04:14","slug":"contacto-de-arquitectura-de-la-victima","status":"publish","type":"page","link":"https:\/\/arquitecturadelavictima.com\/index.php\/contacto-de-arquitectura-de-la-victima\/","title":{"rendered":"Contacto de Arquitectura de la V\u00edctima"},"content":{"rendered":"\n<div class=\"wp-block-media-text alignfull has-media-on-the-right is-stacked-on-mobile is-vertically-aligned-top has-accent-color has-text-color has-background has-link-color wp-elements-1\" style=\"background-color:#121c1c;grid-template-columns:auto 60%\"><div class=\"wp-block-media-text__content\">\n<div class=\"wp-block-group has-link-color wp-elements-2\" style=\"padding-top:2em;padding-right:2em;padding-bottom:2em;padding-left:2em\"><div class=\"wp-block-group__inner-container is-layout-flow wp-block-group-is-layout-flow\">\n<h2 class=\"wp-block-heading\" style=\"font-size:48px;font-weight:700;line-height:1.15\">Contacto de Arquitectura de la V\u00edctima<\/h2>\n\n\n\n<p class=\"has-text-color has-link-color wp-elements-3 wp-block-paragraph\" style=\"color:#fffdc7\"><a href=\"mailto:info@arquitecturadelavictima.com\">info@arquitecturadelavictima.com<\/a><\/p>\n\n\n\n<p class=\"wp-block-paragraph\">+34 626 262 281<\/p>\n\n\n\n<p class=\"wp-block-paragraph\"><\/p>\n\n\n\n<p class=\"wp-block-paragraph\"><\/p>\n\n\n\n<p class=\"wp-block-paragraph\"><\/p>\n<\/div><\/div>\n<\/div><figure class=\"wp-block-media-text__media\"><img fetchpriority=\"high\" decoding=\"async\" width=\"1024\" height=\"683\" src=\"https:\/\/arquitecturadelavictima.com\/wp-content\/uploads\/2024\/04\/top-view-of-young-graphic-designer-working-on-desktop-computer-and-using-some-color-swatches-top-view-1024x683.jpg\" alt=\"Contacto de Arquitectura de la V\u00edctima\" class=\"wp-image-265 size-full\" srcset=\"https:\/\/arquitecturadelavictima.com\/wp-content\/uploads\/2024\/04\/top-view-of-young-graphic-designer-working-on-desktop-computer-and-using-some-color-swatches-top-view-1024x683.jpg 1024w, https:\/\/arquitecturadelavictima.com\/wp-content\/uploads\/2024\/04\/top-view-of-young-graphic-designer-working-on-desktop-computer-and-using-some-color-swatches-top-view-300x200.jpg 300w, https:\/\/arquitecturadelavictima.com\/wp-content\/uploads\/2024\/04\/top-view-of-young-graphic-designer-working-on-desktop-computer-and-using-some-color-swatches-top-view-768x512.jpg 768w, https:\/\/arquitecturadelavictima.com\/wp-content\/uploads\/2024\/04\/top-view-of-young-graphic-designer-working-on-desktop-computer-and-using-some-color-swatches-top-view-1536x1024.jpg 1536w, https:\/\/arquitecturadelavictima.com\/wp-content\/uploads\/2024\/04\/top-view-of-young-graphic-designer-working-on-desktop-computer-and-using-some-color-swatches-top-view-2048x1365.jpg 2048w, https:\/\/arquitecturadelavictima.com\/wp-content\/uploads\/2024\/04\/top-view-of-young-graphic-designer-working-on-desktop-computer-and-using-some-color-swatches-top-view-360x240.jpg 360w\" sizes=\"(max-width: 1024px) 100vw, 1024px\" \/><\/figure><\/div>\n\n\n\n<p class=\"wp-block-paragraph\"><\/p>\n","protected":false},"excerpt":{"rendered":"","protected":false},"author":1,"featured_media":265,"parent":0,"menu_order":0,"comment_status":"closed","ping_status":"closed","template":"","meta":{"footnotes":""},"class_list":["post-12","page","type-page","status-publish","has-post-thumbnail","hentry"],"yoast_head":"<!-- This site is optimized with the Yoast SEO plugin v26.5 - https:\/\/yoast.com\/wordpress\/plugins\/seo\/ -->\n<title>Contacto de Arquitectura de la V\u00edctima - Arquitectura de la v\u00edctima<\/title>\n<meta name=\"description\" content=\"Contacto de Arquitectura de la V\u00edctima. Consulta el email y tel\u00e9fono.\" \/>\n<meta name=\"robots\" content=\"index, follow, max-snippet:-1, max-image-preview:large, max-video-preview:-1\" \/>\n<link rel=\"canonical\" href=\"https:\/\/arquitecturadelavictima.com\/index.php\/contacto-de-arquitectura-de-la-victima\/\" \/>\n<meta property=\"og:locale\" content=\"es_ES\" \/>\n<meta property=\"og:type\" content=\"article\" \/>\n<meta property=\"og:title\" content=\"Contacto de Arquitectura de la V\u00edctima - Arquitectura de la v\u00edctima\" \/>\n<meta property=\"og:description\" content=\"Contacto de Arquitectura de la V\u00edctima. Consulta el email y tel\u00e9fono.\" \/>\n<meta property=\"og:url\" content=\"https:\/\/arquitecturadelavictima.com\/index.php\/contacto-de-arquitectura-de-la-victima\/\" \/>\n<meta property=\"og:site_name\" content=\"Arquitectura de la v\u00edctima\" \/>\n<meta property=\"article:modified_time\" content=\"2024-04-10T17:04:14+00:00\" \/>\n<meta property=\"og:image\" content=\"https:\/\/arquitecturadelavictima.com\/wp-content\/uploads\/2024\/04\/top-view-of-young-graphic-designer-working-on-desktop-computer-and-using-some-color-swatches-top-view-scaled.jpg\" \/>\n\t<meta property=\"og:image:width\" content=\"2560\" \/>\n\t<meta property=\"og:image:height\" content=\"1707\" \/>\n\t<meta property=\"og:image:type\" content=\"image\/jpeg\" \/>\n<meta name=\"twitter:card\" content=\"summary_large_image\" \/>\n<meta name=\"twitter:label1\" content=\"Tiempo de lectura\" \/>\n\t<meta name=\"twitter:data1\" content=\"1 minuto\" \/>\n<script type=\"application\/ld+json\" class=\"yoast-schema-graph\">{\"@context\":\"https:\/\/schema.org\",\"@graph\":[{\"@type\":\"WebPage\",\"@id\":\"https:\/\/arquitecturadelavictima.com\/index.php\/contacto-de-arquitectura-de-la-victima\/\",\"url\":\"https:\/\/arquitecturadelavictima.com\/index.php\/contacto-de-arquitectura-de-la-victima\/\",\"name\":\"Contacto de Arquitectura de la V\u00edctima - Arquitectura de la v\u00edctima\",\"isPartOf\":{\"@id\":\"https:\/\/arquitecturadelavictima.com\/#website\"},\"primaryImageOfPage\":{\"@id\":\"https:\/\/arquitecturadelavictima.com\/index.php\/contacto-de-arquitectura-de-la-victima\/#primaryimage\"},\"image\":{\"@id\":\"https:\/\/arquitecturadelavictima.com\/index.php\/contacto-de-arquitectura-de-la-victima\/#primaryimage\"},\"thumbnailUrl\":\"https:\/\/arquitecturadelavictima.com\/wp-content\/uploads\/2024\/04\/top-view-of-young-graphic-designer-working-on-desktop-computer-and-using-some-color-swatches-top-view-scaled.jpg\",\"datePublished\":\"2022-06-15T16:33:20+00:00\",\"dateModified\":\"2024-04-10T17:04:14+00:00\",\"description\":\"Contacto de Arquitectura de la V\u00edctima. Consulta el email y tel\u00e9fono.\",\"breadcrumb\":{\"@id\":\"https:\/\/arquitecturadelavictima.com\/index.php\/contacto-de-arquitectura-de-la-victima\/#breadcrumb\"},\"inLanguage\":\"es\",\"potentialAction\":[{\"@type\":\"ReadAction\",\"target\":[\"https:\/\/arquitecturadelavictima.com\/index.php\/contacto-de-arquitectura-de-la-victima\/\"]}]},{\"@type\":\"ImageObject\",\"inLanguage\":\"es\",\"@id\":\"https:\/\/arquitecturadelavictima.com\/index.php\/contacto-de-arquitectura-de-la-victima\/#primaryimage\",\"url\":\"https:\/\/arquitecturadelavictima.com\/wp-content\/uploads\/2024\/04\/top-view-of-young-graphic-designer-working-on-desktop-computer-and-using-some-color-swatches-top-view-scaled.jpg\",\"contentUrl\":\"https:\/\/arquitecturadelavictima.com\/wp-content\/uploads\/2024\/04\/top-view-of-young-graphic-designer-working-on-desktop-computer-and-using-some-color-swatches-top-view-scaled.jpg\",\"width\":2560,\"height\":1707,\"caption\":\"Contacto de Arquitectura de la V\u00edctima\"},{\"@type\":\"BreadcrumbList\",\"@id\":\"https:\/\/arquitecturadelavictima.com\/index.php\/contacto-de-arquitectura-de-la-victima\/#breadcrumb\",\"itemListElement\":[{\"@type\":\"ListItem\",\"position\":1,\"name\":\"Portada\",\"item\":\"https:\/\/arquitecturadelavictima.com\/\"},{\"@type\":\"ListItem\",\"position\":2,\"name\":\"Contacto de Arquitectura de la V\u00edctima\"}]},{\"@type\":\"WebSite\",\"@id\":\"https:\/\/arquitecturadelavictima.com\/#website\",\"url\":\"https:\/\/arquitecturadelavictima.com\/\",\"name\":\"Arquitectura de la v\u00edctima\",\"description\":\"\",\"publisher\":{\"@id\":\"https:\/\/arquitecturadelavictima.com\/#organization\"},\"potentialAction\":[{\"@type\":\"SearchAction\",\"target\":{\"@type\":\"EntryPoint\",\"urlTemplate\":\"https:\/\/arquitecturadelavictima.com\/?s={search_term_string}\"},\"query-input\":{\"@type\":\"PropertyValueSpecification\",\"valueRequired\":true,\"valueName\":\"search_term_string\"}}],\"inLanguage\":\"es\"},{\"@type\":\"Organization\",\"@id\":\"https:\/\/arquitecturadelavictima.com\/#organization\",\"name\":\"Arquitectura de la v\u00edctima\",\"url\":\"https:\/\/arquitecturadelavictima.com\/\",\"logo\":{\"@type\":\"ImageObject\",\"inLanguage\":\"es\",\"@id\":\"https:\/\/arquitecturadelavictima.com\/#\/schema\/logo\/image\/\",\"url\":\"https:\/\/arquitecturadelavictima.com\/wp-content\/uploads\/2022\/06\/cropped-Sin-elipse-negro.png\",\"contentUrl\":\"https:\/\/arquitecturadelavictima.com\/wp-content\/uploads\/2022\/06\/cropped-Sin-elipse-negro.png\",\"width\":1221,\"height\":1056,\"caption\":\"Arquitectura de la v\u00edctima\"},\"image\":{\"@id\":\"https:\/\/arquitecturadelavictima.com\/#\/schema\/logo\/image\/\"}}]}<\/script>\n<!-- \/ Yoast SEO plugin. -->","yoast_head_json":{"title":"Contacto de Arquitectura de la V\u00edctima - Arquitectura de la v\u00edctima","description":"Contacto de Arquitectura de la V\u00edctima. Consulta el email y tel\u00e9fono.","robots":{"index":"index","follow":"follow","max-snippet":"max-snippet:-1","max-image-preview":"max-image-preview:large","max-video-preview":"max-video-preview:-1"},"canonical":"https:\/\/arquitecturadelavictima.com\/index.php\/contacto-de-arquitectura-de-la-victima\/","og_locale":"es_ES","og_type":"article","og_title":"Contacto de Arquitectura de la V\u00edctima - Arquitectura de la v\u00edctima","og_description":"Contacto de Arquitectura de la V\u00edctima. Consulta el email y tel\u00e9fono.","og_url":"https:\/\/arquitecturadelavictima.com\/index.php\/contacto-de-arquitectura-de-la-victima\/","og_site_name":"Arquitectura de la v\u00edctima","article_modified_time":"2024-04-10T17:04:14+00:00","og_image":[{"width":2560,"height":1707,"url":"https:\/\/arquitecturadelavictima.com\/wp-content\/uploads\/2024\/04\/top-view-of-young-graphic-designer-working-on-desktop-computer-and-using-some-color-swatches-top-view-scaled.jpg","type":"image\/jpeg"}],"twitter_card":"summary_large_image","twitter_misc":{"Tiempo de lectura":"1 minuto"},"schema":{"@context":"https:\/\/schema.org","@graph":[{"@type":"WebPage","@id":"https:\/\/arquitecturadelavictima.com\/index.php\/contacto-de-arquitectura-de-la-victima\/","url":"https:\/\/arquitecturadelavictima.com\/index.php\/contacto-de-arquitectura-de-la-victima\/","name":"Contacto de Arquitectura de la V\u00edctima - Arquitectura de la v\u00edctima","isPartOf":{"@id":"https:\/\/arquitecturadelavictima.com\/#website"},"primaryImageOfPage":{"@id":"https:\/\/arquitecturadelavictima.com\/index.php\/contacto-de-arquitectura-de-la-victima\/#primaryimage"},"image":{"@id":"https:\/\/arquitecturadelavictima.com\/index.php\/contacto-de-arquitectura-de-la-victima\/#primaryimage"},"thumbnailUrl":"https:\/\/arquitecturadelavictima.com\/wp-content\/uploads\/2024\/04\/top-view-of-young-graphic-designer-working-on-desktop-computer-and-using-some-color-swatches-top-view-scaled.jpg","datePublished":"2022-06-15T16:33:20+00:00","dateModified":"2024-04-10T17:04:14+00:00","description":"Contacto de Arquitectura de la V\u00edctima. Consulta el email y tel\u00e9fono.","breadcrumb":{"@id":"https:\/\/arquitecturadelavictima.com\/index.php\/contacto-de-arquitectura-de-la-victima\/#breadcrumb"},"inLanguage":"es","potentialAction":[{"@type":"ReadAction","target":["https:\/\/arquitecturadelavictima.com\/index.php\/contacto-de-arquitectura-de-la-victima\/"]}]},{"@type":"ImageObject","inLanguage":"es","@id":"https:\/\/arquitecturadelavictima.com\/index.php\/contacto-de-arquitectura-de-la-victima\/#primaryimage","url":"https:\/\/arquitecturadelavictima.com\/wp-content\/uploads\/2024\/04\/top-view-of-young-graphic-designer-working-on-desktop-computer-and-using-some-color-swatches-top-view-scaled.jpg","contentUrl":"https:\/\/arquitecturadelavictima.com\/wp-content\/uploads\/2024\/04\/top-view-of-young-graphic-designer-working-on-desktop-computer-and-using-some-color-swatches-top-view-scaled.jpg","width":2560,"height":1707,"caption":"Contacto de Arquitectura de la V\u00edctima"},{"@type":"BreadcrumbList","@id":"https:\/\/arquitecturadelavictima.com\/index.php\/contacto-de-arquitectura-de-la-victima\/#breadcrumb","itemListElement":[{"@type":"ListItem","position":1,"name":"Portada","item":"https:\/\/arquitecturadelavictima.com\/"},{"@type":"ListItem","position":2,"name":"Contacto de Arquitectura de la V\u00edctima"}]},{"@type":"WebSite","@id":"https:\/\/arquitecturadelavictima.com\/#website","url":"https:\/\/arquitecturadelavictima.com\/","name":"Arquitectura de la v\u00edctima","description":"","publisher":{"@id":"https:\/\/arquitecturadelavictima.com\/#organization"},"potentialAction":[{"@type":"SearchAction","target":{"@type":"EntryPoint","urlTemplate":"https:\/\/arquitecturadelavictima.com\/?s={search_term_string}"},"query-input":{"@type":"PropertyValueSpecification","valueRequired":true,"valueName":"search_term_string"}}],"inLanguage":"es"},{"@type":"Organization","@id":"https:\/\/arquitecturadelavictima.com\/#organization","name":"Arquitectura de la v\u00edctima","url":"https:\/\/arquitecturadelavictima.com\/","logo":{"@type":"ImageObject","inLanguage":"es","@id":"https:\/\/arquitecturadelavictima.com\/#\/schema\/logo\/image\/","url":"https:\/\/arquitecturadelavictima.com\/wp-content\/uploads\/2022\/06\/cropped-Sin-elipse-negro.png","contentUrl":"https:\/\/arquitecturadelavictima.com\/wp-content\/uploads\/2022\/06\/cropped-Sin-elipse-negro.png","width":1221,"height":1056,"caption":"Arquitectura de la v\u00edctima"},"image":{"@id":"https:\/\/arquitecturadelavictima.com\/#\/schema\/logo\/image\/"}}]}},"_links":{"self":[{"href":"https:\/\/arquitecturadelavictima.com\/index.php\/wp-json\/wp\/v2\/pages\/12","targetHints":{"allow":["GET"]}}],"collection":[{"href":"https:\/\/arquitecturadelavictima.com\/index.php\/wp-json\/wp\/v2\/pages"}],"about":[{"href":"https:\/\/arquitecturadelavictima.com\/index.php\/wp-json\/wp\/v2\/types\/page"}],"author":[{"embeddable":true,"href":"https:\/\/arquitecturadelavictima.com\/index.php\/wp-json\/wp\/v2\/users\/1"}],"replies":[{"embeddable":true,"href":"https:\/\/arquitecturadelavictima.com\/index.php\/wp-json\/wp\/v2\/comments?post=12"}],"version-history":[{"count":6,"href":"https:\/\/arquitecturadelavictima.com\/index.php\/wp-json\/wp\/v2\/pages\/12\/revisions"}],"predecessor-version":[{"id":326,"href":"https:\/\/arquitecturadelavictima.com\/index.php\/wp-json\/wp\/v2\/pages\/12\/revisions\/326"}],"wp:featuredmedia":[{"embeddable":true,"href":"https:\/\/arquitecturadelavictima.com\/index.php\/wp-json\/wp\/v2\/media\/265"}],"wp:attachment":[{"href":"https:\/\/arquitecturadelavictima.com\/index.php\/wp-json\/wp\/v2\/media?parent=12"}],"curies":[{"name":"wp","href":"https:\/\/api.w.org\/{rel}","templated":true}]}}